{"id":948,"date":"2016-07-15T14:19:13","date_gmt":"2016-07-15T14:19:13","guid":{"rendered":"http:\/\/test.kriesi.at\/enfold-medical\/?page_id=948"},"modified":"2025-02-23T19:09:58","modified_gmt":"2025-02-23T19:09:58","slug":"team","status":"publish","type":"page","link":"https:\/\/crefid.com\/?page_id=948","title":{"rendered":"Equipo"},"content":{"rendered":"<\/div><\/div><\/div><!-- close content main div --><\/div><\/div><div id='av-layout-grid-1' class='av-layout-grid-container entry-content-wrapper main_color av-flex-cells  container_wrap fullsize'   >\n<div class=\"flex_cell no_margin av_one_half   avia-full-stretch av-zero-padding \" style='height:500px; min-height:500px;background-image:url(https:\/\/crefid.com\/wp-content\/uploads\/2022\/08\/C12791339F-1.jpg); background-position:top center; background-repeat:no-repeat; background-attachment:scroll; vertical-align:middle; padding:0px; background-color:#22689e; '><div class='flex_cell_inner' ><\/div><\/div><div class=\"flex_cell no_margin av_one_half   \" style='height:500px; min-height:500px;vertical-align:middle; padding:80px; background-color:#22689e; '><div class='flex_cell_inner' ><p><div style='padding-bottom:25px;color:#ffffff;font-size:34px;' class='av-special-heading av-special-heading-h3 custom-color-heading blockquote modern-quote   av-inherit-size'><div class ='av-subheading av-subheading_above av_custom_color' style='font-size:15px;'><p>Profesionalidad<\/p>\n<\/div><h3 class='av-special-heading-tag'  itemprop=\"headline\"  >Nuestro equipo est\u00e1 a la vanguardia de las nuevas t\u00e9cnicas de trabajo.<\/h3><div class='special-heading-border'><div class='special-heading-inner-border' style='border-color:#ffffff'><\/div><\/div><\/div><br \/>\n<section class=\"av_textblock_section\"  itemscope=\"itemscope\" itemtype=\"https:\/\/schema.org\/CreativeWork\" ><div class='avia_textblock  av_inherit_color'  style='color:#ffffff; '  itemprop=\"text\" ><p>Nuestro equipo es consciente\u00a0 de ofrecer una asistencia\u00a0 de calidad a los pacientes\u00a0 con unas instalaciones\u00a0 y servicios adaptados\u00a0 a las exigencias patol\u00f3gicas\u00a0 de\u00a0 cada persona. La alta cualificaci\u00f3n y cont\u00ednua formaci\u00f3n, nos avalan los resultados en la recuperaci\u00f3n de las lesiones.\u00a0 CREFID se estructura en cuatro pilares fundamentales: <strong>Administraci\u00f3n y Recepci\u00f3n Pacientes,\u00a0 Medicina General y de Familia, Fisioterapia General y Deportiva,\u00a0 y Pilates y Recuperaci\u00f3n Funcional\u00a0<\/strong><\/p>\n<\/div><\/section><\/p>\n<\/div><\/div>\n<\/div>\n<\/div><\/div><\/div><!-- close content main div --><\/div><\/div><div id='av_section_1' class='avia-section main_color avia-section-huge avia-no-border-styling avia-bg-style-scroll  container_wrap fullsize'   ><div class='container' ><div class='template-page content  av-content-full alpha units'><div class='post-entry post-entry-type-page post-entry-948'><div class='entry-content-wrapper clearfix'>\n<div class='flex_column_table av-equal-height-column-flextable' style='margin-top:-200px; margin-bottom:0px; '><div class=\"flex_column av_one_third  no_margin flex_column_table_cell av-equal-height-column av-align-top first  \" style='padding:40px; border-radius:0px; '><\/div><\/div><!--close column table wrapper. Autoclose: 1 --><div class='flex_column_table av-equal-height-column-flextable' style='margin-top:-200px; margin-bottom:0px; '><div class=\"flex_column av_one_third  no_margin flex_column_table_cell av-equal-height-column av-align-top   \" style='padding:40px; background-color:#379cd6; border-radius:0px; '><p><span class=\"av_font_icon avia_animate_when_visible av-icon-style-  avia-icon-pos-center \" style=\"color:#ffffff; border-color:#ffffff;\"><span class='av-icon-char' style='font-size:60px;line-height:60px;' aria-hidden='true' data-av_icon='\ue80b' data-av_iconfont='entypo-fontello' ><\/span><\/span><br \/>\n<div style='height:20px' class='hr hr-invisible '><span class='hr-inner ' ><span class='hr-inner-style'><\/span><\/span><\/div><br \/>\n<section class=\"av_textblock_section\"  itemscope=\"itemscope\" itemtype=\"https:\/\/schema.org\/CreativeWork\" ><div class='avia_textblock  av_inherit_color'  style='color:#ffffff; '  itemprop=\"text\" ><h4 style=\"text-align: center;\">Equipo<\/h4>\n<p style=\"text-align: center;\">ATENCI\u00d3N, FORMACI\u00d3N, DEDICACI\u00d3N, ADAPTACI\u00d3N,\u00a0 PROFESIONALIDAD Y VANGUARDIA<\/p>\n<\/div><\/section><br \/>\n<div style='height:8px' class='hr hr-invisible '><span class='hr-inner ' ><span class='hr-inner-style'><\/span><\/span><\/div><br \/>\n<div class='avia-button-wrap avia-button-center '><a href='https:\/\/crefid.com\/?page_id=959' class='avia-button  avia-icon_select-no avia-color-light avia-size-medium avia-position-center '   ><span class='avia_iconbox_title' >Contacta<\/span><\/a><\/div><\/p><\/div><\/div><!--close column table wrapper. Autoclose: 1 --><div class='flex_column_table av-equal-height-column-flextable' style='margin-top:-200px; margin-bottom:0px; '><div class=\"flex_column av_one_third  no_margin flex_column_table_cell av-equal-height-column av-align-top   \" style='padding:40px; border-radius:0px; '><\/div><\/div><!--close column table wrapper. Autoclose: 1 --><div class=\"flex_column av_one_half  av-animated-generic bottom-to-top  flex_column_div av-zero-column-padding first  \" style='border-radius:0px; '><p><div style='padding-bottom:20px;font-size:34px;' class='av-special-heading av-special-heading-h3  blockquote modern-quote   av-inherit-size'><div class ='av-subheading av-subheading_above ' style='font-size:15px;'><p>Nos preocupamos de realizar<\/p>\n<\/div><h3 class='av-special-heading-tag'  itemprop=\"headline\"  >Formaci\u00f3n continua<\/h3><div class='special-heading-border'><div class='special-heading-inner-border' ><\/div><\/div><\/div><br \/>\n<section class=\"av_textblock_section\"  itemscope=\"itemscope\" itemtype=\"https:\/\/schema.org\/CreativeWork\" ><div class='avia_textblock '   itemprop=\"text\" ><p>La formaci\u00f3n de nuestro equipo es la base de la adaptaci\u00f3n a las exigencias de los tratamientos, con el objetivo de conseguir una Recuperaci\u00f3n eficaz y eficiente.\u00a0 Nuestros\u00a0 Terapeutas reciben formaci\u00f3n de otros profesionales de gran reputaci\u00f3n tanto a nivel nacional como internacional, necesario para\u00a0 actualizar los protocolos de tratamiento que llevan a cabo diariamente en CREFID.<\/p>\n<\/div><\/section><\/p><\/div><div class=\"flex_column av_one_half  av-animated-generic bottom-to-top  flex_column_div av-zero-column-padding   \" style='border-radius:0px; '><p><div style='padding-bottom:20px;font-size:34px;' class='av-special-heading av-special-heading-h3  blockquote modern-quote   av-inherit-size'><div class ='av-subheading av-subheading_above ' style='font-size:15px;'><p>Impartimos Cursos a los pacientes<\/p>\n<\/div><h3 class='av-special-heading-tag'  itemprop=\"headline\"  >DOCENCIA, AYUDA Y DIVULGACI\u00d3N <\/h3><div class='special-heading-border'><div class='special-heading-inner-border' ><\/div><\/div><\/div><br \/>\n<section class=\"av_textblock_section\"  itemscope=\"itemscope\" itemtype=\"https:\/\/schema.org\/CreativeWork\" ><div class='avia_textblock '   itemprop=\"text\" ><p style=\"text-align: left;\">Anualmente celebramos cursos para \u00abDEJAR DE FUMAR\u00bb\u00a0 Y\u00a0 \u00abCONTROL DE LA ANSIEDAD\u00bb, de un d\u00eda de duraci\u00f3n Impartidos por un especialista en la materia. Tambi\u00e9n CREFID realiza charlas y\u00a0 jornadas monogr\u00e1ficas\u00a0 informativas acerca de la prevenci\u00f3n y recuperaci\u00f3n de las lesiones, llevadas a cabo por especialistas de diferentes especialidades sanitarias. La informaci\u00f3n de nuestros curso la podr\u00e1s consultar a trav\u00e9s de la web o redes sociales.<\/p>\n<\/div><\/section><\/p><\/div><div class=\"flex_column av_one_half  flex_column_div first  \" ><section class='avia-team-member '  itemscope=\"itemscope\" itemtype=\"https:\/\/schema.org\/Person\" ><div class='team-img-container'><img class='avia_image avia_image_team' src='http:\/\/crefid.com\/wp-content\/uploads\/2018\/10\/C128111F.jpg' alt='Jos\u00e9 Ra\u00fal L\u00f3pez de la Poza'  itemprop=\"image\"  \/><\/div><h3 class='team-member-name'   itemprop=\"name\" >Jos\u00e9 Ra\u00fal L\u00f3pez de la Poza<\/h3><div class='team-member-job-title '   itemprop=\"jobTitle\" >Co-Founder\/Director T\u00e9cnico<\/div><div class='team-member-description '  itemprop=\"description\"  ><p>- Diplomado en FISIOTERAPIA DEPORTIVA por la Universidad de Sevilla. Colegiado N\u00ba 41\/4772.<br \/>\n- T\u00e9cnico Superior en Actividad F\u00edsica y Deportiva.<br \/>\n- MASOTERAPEUTA Y RECUPERADOR F\u00edsico y Deportivo.<br \/>\n- Especialista en terapia NEUROMUSCULAR.<br \/>\n- Especialista en ECOGRAFIA MUSCULOESQUEL\u00c9TICA.<br \/>\n- Especialista en TERAP\u00cdA MANIPULATIVA ESTRUCTURAL DE LA COLUMNA VERTEBRAL Y PELVIS.<br \/>\n- Especialista en vendaje neuromuscular \u201cKINESIOTAPE\u201d<br \/>\n- Diplomado en soporte VITAL B\u00c1SICO Y DESFIBRILACI\u00d3N SEMIAUTOMATICA.<br \/>\n- Entrenador Superior de Baloncesto.<br \/>\n- T\u00e9cnico Superior en ANALISIS QU\u00cdMICO.<br \/>\n- Certificado de Participaci\u00f3n del 1\u00ba Congreso internacional de Pilates Fisioterap\u00e9utico.<\/p>\n<p>Participaci\u00f3n docente:<\/p>\n<p>-Profesor asociado del grado en Fisioterapia en el Centro Universitario San Isidoro impartiendo asignatura de Fisioterapia de la Actividad F\u00edsica y del Deporte.<br \/>\n- Director y Profesor de Masoterapia y T\u00e9cnicas manuales en CANEDU SL. (1993-2003)<br \/>\n- Colaborador Docente en el Ciclo Superior en animaci\u00f3n de actividades f\u00edsicas y deportivas, del I.E.S Ram\u00f3n Carande.<\/p>\n<p>Ha pertenecido como Fisioterapeuta en:<\/p>\n<p>\u2022 Selecci\u00f3n Andaluza de Balonmano.<br \/>\n\u2022 Selecci\u00f3n Absoluta de Brasil de Balonmano Femenino.<br \/>\n\u2022 Diferentes equipos de Baloncesto de categor\u00eda Nacional.<br \/>\n\u2022 Centro M\u00e9dico Club Pista Sport.<br \/>\n\u2022 Centro M\u00e9dico Club SATO Sport.<br \/>\n\u2022 Centro M\u00e9dico GALISPORT.<\/p>\n<p>- Coordinador de eventos y programas deportivos en la EMPRESA P\u00daBLICA DE DEPORTE ANDALUZA de la Junta de Andaluc\u00eda del 2001\/2006.<\/p>\n<p>Director T\u00e9cnico de CREFID S.L.<\/p>\n<\/div><span class='hidden team-member-affiliation'  itemprop=\"affiliation\" >Crefid<\/span><\/section><\/div><div class=\"flex_column av_one_half  flex_column_div av-zero-column-padding   \" style='border-radius:0px; '><section class='avia-team-member '  itemscope=\"itemscope\" itemtype=\"https:\/\/schema.org\/Person\" ><div class='team-img-container'><img class='avia_image avia_image_team' src='http:\/\/crefid.com\/wp-content\/uploads\/2018\/10\/C127892F.jpg' alt='Sergio Hoyo Rodr\u00edguez'  itemprop=\"image\"  \/><\/div><h3 class='team-member-name'   itemprop=\"name\" >Sergio Hoyo Rodr\u00edguez<\/h3><div class='team-member-job-title '   itemprop=\"jobTitle\" >Co-Founder\/Gerente<\/div><div class='team-member-description '  itemprop=\"description\"  ><p>- Licenciado en MEDICINA por la Universidad de Sevilla. Colegiado N\u00ba 41\/4117950.<br \/>\n- M\u00e9dico de la Federaci\u00f3n Andaluza de Taekwondo. Responsable de las asistencias m\u00e9dica en los campeonatos que tienen lugar en Andaluc\u00eda.<br \/>\n- M\u00e9dico de Urgencias para el SAS (Servicio Andaluz de Salud) en el Servicio de Urgencias de Atenci\u00f3n Primaria (SUAP)<\/p>\n<p>- Becado en MEDICINA del DEPORTE por el Servicio de Actividades F\u00edsicas y Deportivas de la Universidad de Sevilla (SADUS).<br \/>\n- Diplomado en OSTEOPAT\u00cdA ARTICULAR.<br \/>\n- Especialista en T\u00c9CNICAS MANUALES y Lesiones Deportivas.<br \/>\n- Profesor en CANEDU SL,en el \u00c1rea de T\u00e9cnicas Manuales y Osteopat\u00eda.<br \/>\n- Licenciado en CIENCIAS BIOL\u00d3GICAS por la Universidad de Sevilla.<br \/>\n- T\u00e9cnico Superior en Laboratorio de AN\u00c1LISIS CL\u00cdNICO.<br \/>\n- T\u00e9cnico Superior en IMAGEN para el Diagn\u00f3stico.<\/p>\n<p>Gerente de CREFID S.L.<\/p>\n<\/div><span class='hidden team-member-affiliation'  itemprop=\"affiliation\" >Crefid<\/span><\/section><\/div>\n\n<\/div><\/div><\/div><!-- close content main div --><\/div><\/div><div id='av_section_2' class='avia-section main_color avia-section-large avia-no-border-styling avia-bg-style-scroll  container_wrap fullsize' style = 'background-color: #f8f8f8; '  ><div class='container' ><div class='template-page content  av-content-full alpha units'><div class='post-entry post-entry-type-page post-entry-948'><div class='entry-content-wrapper clearfix'>\n<div class=\"flex_column av_one_half  flex_column_div av-zero-column-padding first  \" style='border-radius:0px; '><section class='avia-team-member '  itemscope=\"itemscope\" itemtype=\"https:\/\/schema.org\/Person\" ><div class='team-img-container'><img class='avia_image avia_image_team' src='https:\/\/crefid.com\/wp-content\/uploads\/2025\/02\/IMG_3789.jpeg' alt='Esther Trenado Rodr\u00edguez'  itemprop=\"image\"  \/><\/div><h3 class='team-member-name'   itemprop=\"name\" >Esther Trenado Rodr\u00edguez<\/h3><div class='team-member-job-title '   itemprop=\"jobTitle\" >Administraci\u00f3n<\/div><div class='team-member-description '  itemprop=\"description\"  ><p>- T\u00e9cnico Superior en Administraci\u00f3n y contabilidad.<\/p>\n<p>- T\u00e9cnico en gesti\u00f3n y atenci\u00f3n al cliente.<\/p>\n<\/div><span class='hidden team-member-affiliation'  itemprop=\"affiliation\" >Crefid<\/span><\/section><\/div><div class=\"flex_column av_one_half  flex_column_div av-zero-column-padding   \" style='border-radius:0px; '><section class='avia-team-member '  itemscope=\"itemscope\" itemtype=\"https:\/\/schema.org\/Person\" ><div class='team-img-container'><img class='avia_image avia_image_team' src='https:\/\/crefid.com\/wp-content\/uploads\/2025\/02\/IMG_3758.jpeg' alt='Julia Luna Gonz\u00e1lez'  itemprop=\"image\"  \/><\/div><h3 class='team-member-name'   itemprop=\"name\" >Julia Luna Gonz\u00e1lez<\/h3><div class='team-member-job-title '   itemprop=\"jobTitle\" >Profesora Pilates y Recuperaci\u00f3n Funcional<\/div><div class='team-member-description '  itemprop=\"description\"  ><p>- Grado en Ciencias de la Actividad F\u00edsica y el Deporte. 2016-2020<\/p>\n<p>- Movilidad Erasmus, Universit\u00e0 degli Studi di Milano (Italia)<\/p>\n<p>- M\u00e1ster Promoci\u00f3n de Salud Mediante la Actividad F\u00edsica. 2020-2021.<\/p>\n<p>- M\u00e1ster en Formaci\u00f3n del profesorado. 2021-2022.<\/p>\n<p>- T\u00edtulo Profesora de Matt Pilates y M\u00e1quinas 2021 (FEF).<\/p>\n<p>- T\u00edtulo de Entrenadora Personal 2024 (FEF).<\/p>\n<p>-T\u00edtulo de Monitora de Ocio y Tiempo Libre 2017 (GEKO)<\/p>\n<\/div><span class='hidden team-member-affiliation'  itemprop=\"affiliation\" >Crefid<\/span><\/section><\/div><div class=\"flex_column av_one_half  flex_column_div av-zero-column-padding first  \" style='border-radius:0px; '><section class='avia-team-member '  itemscope=\"itemscope\" itemtype=\"https:\/\/schema.org\/Person\" ><div class='team-img-container'><img class='avia_image avia_image_team' src='https:\/\/crefid.com\/wp-content\/uploads\/2025\/02\/IMG_3765-1.jpeg' alt='Paula Fern\u00e1ndez Mart\u00edn'  itemprop=\"image\"  \/><\/div><h3 class='team-member-name'   itemprop=\"name\" >Paula Fern\u00e1ndez Mart\u00edn<\/h3><div class='team-member-job-title '   itemprop=\"jobTitle\" >Fisioterapeuta<\/div><span class='hidden team-member-affiliation'  itemprop=\"affiliation\" >Crefid<\/span><\/section><\/div><div class=\"flex_column av_one_half  flex_column_div av-zero-column-padding   \" style='border-radius:0px; '><section class='avia-team-member '  itemscope=\"itemscope\" itemtype=\"https:\/\/schema.org\/Person\" ><span class='hidden team-member-affiliation'  itemprop=\"affiliation\" >Crefid<\/span><\/section><\/div><\/div><\/div><\/div><!-- close content main div --><\/div><\/div><div id='av-layout-grid-2' class='av-layout-grid-container entry-content-wrapper main_color av-flex-cells  container_wrap fullsize'   >\n<div class=\"flex_cell no_margin av_one_half   avia-full-contain av-zero-padding \" style='height:500px; min-height:500px;background-image:url(https:\/\/crefid.com\/wp-content\/uploads\/2018\/11\/LOGO-CREFID-V.png); background-position:center left; background-repeat:no-repeat; background-attachment:scroll; vertical-align:bottom; padding:0px; background-color:#ffffff; '><div class='flex_cell_inner' ><\/div><\/div><div class=\"flex_cell no_margin av_one_half   \" style='height:500px; min-height:500px;vertical-align:middle; padding:80px; background-color:#22689e; '><div class='flex_cell_inner' ><p><div style='padding-bottom:25px;color:#ffffff;font-size:34px;' class='av-special-heading av-special-heading-h3 custom-color-heading blockquote modern-quote   av-inherit-size'><div class ='av-subheading av-subheading_above av_custom_color' style='font-size:15px;'><p>Si eres una empresa y quieres contactar con nosotros<\/p>\n<\/div><h3 class='av-special-heading-tag'  itemprop=\"headline\"  >Rellena nuestro formulario con la informaci\u00f3n que desees trasladar <\/h3><div class='special-heading-border'><div class='special-heading-inner-border' style='border-color:#ffffff'><\/div><\/div><\/div><br \/>\n<section class=\"av_textblock_section\"  itemscope=\"itemscope\" itemtype=\"https:\/\/schema.org\/CreativeWork\" ><div class='avia_textblock  av_inherit_color'  style='color:#ffffff; '  itemprop=\"text\" ><p>Nos pondremos en contacto contigo, si necesitamos ampliar la informaci\u00f3n.<\/p>\n<\/div><\/section><br \/>\n<div style='height:37px' class='hr hr-invisible '><span class='hr-inner ' ><span class='hr-inner-style'><\/span><\/span><\/div><br \/>\n<div class='avia-button-wrap avia-button-left '><a href='https:\/\/crefid.com\/?page_id=959' class='avia-button  avia-icon_select-no avia-color-light avia-size-medium avia-position-left '   ><span class='avia_iconbox_title' >Contactar<\/span><\/a><\/div><\/p>\n<\/div><\/div>\n<\/div><\/p>\n","protected":false},"excerpt":{"rendered":"","protected":false},"author":1,"featured_media":0,"parent":0,"menu_order":0,"comment_status":"closed","ping_status":"closed","template":"","meta":{"spay_email":"","footnotes":""},"class_list":["post-948","page","type-page","status-publish","hentry"],"_links":{"self":[{"href":"https:\/\/crefid.com\/index.php?rest_route=\/wp\/v2\/pages\/948","targetHints":{"allow":["GET"]}}],"collection":[{"href":"https:\/\/crefid.com\/index.php?rest_route=\/wp\/v2\/pages"}],"about":[{"href":"https:\/\/crefid.com\/index.php?rest_route=\/wp\/v2\/types\/page"}],"author":[{"embeddable":true,"href":"https:\/\/crefid.com\/index.php?rest_route=\/wp\/v2\/users\/1"}],"replies":[{"embeddable":true,"href":"https:\/\/crefid.com\/index.php?rest_route=%2Fwp%2Fv2%2Fcomments&post=948"}],"version-history":[{"count":55,"href":"https:\/\/crefid.com\/index.php?rest_route=\/wp\/v2\/pages\/948\/revisions"}],"predecessor-version":[{"id":1838,"href":"https:\/\/crefid.com\/index.php?rest_route=\/wp\/v2\/pages\/948\/revisions\/1838"}],"wp:attachment":[{"href":"https:\/\/crefid.com\/index.php?rest_route=%2Fwp%2Fv2%2Fmedia&parent=948"}],"curies":[{"name":"wp","href":"https:\/\/api.w.org\/{rel}","templated":true}]}}